{"id":543,"date":"2019-11-26T15:56:26","date_gmt":"2019-11-26T15:56:26","guid":{"rendered":"https:\/\/calvibo.com\/cal-vibo\/"},"modified":"2023-10-24T17:10:38","modified_gmt":"2023-10-24T17:10:38","slug":"cal-vibo","status":"publish","type":"page","link":"https:\/\/calvibo.com\/ca\/cal-vibo\/","title":{"rendered":"Cal Vibo"},"content":{"rendered":"<p>[vc_row css_animation=&#8221;&#8221; row_type=&#8221;row&#8221; use_row_as_full_screen_section=&#8221;no&#8221; type=&#8221;grid&#8221; angled_section=&#8221;no&#8221; text_align=&#8221;left&#8221; background_image_as_pattern=&#8221;without_pattern&#8221; el_class=&#8221;paddingcabecera&#8221; z_index=&#8221;1&#8243; css=&#8221;.vc_custom_1575308222125{background-color: #fff5eb !important;}&#8221;][vc_column css_animation=&#8221;fadeInUp&#8221; width=&#8221;1\/6&#8243;][\/vc_column][vc_column width=&#8221;2\/3&#8243;][vc_column_text]<\/p>\n<h1 class=\"cabecera\">Una casa rural acollidora i familiar<\/h1>\n<p class=\"subcabecera\">Cal Vibo ha estat reformada totalment en el 2015, conservant l&#8217;estructura antiga i guardant l&#8217;ess\u00e8ncia r\u00fastica que et traslladar\u00e0 totalment a un estat de calma<\/p>\n<p>[\/vc_column_text][vc_raw_html]JTNDZGl2JTIwY2xhc3MlM0QlMjJsaW5lYWNhYmVjZXJhY2FsdmlibyUyMiUzRSUzQyUyRmRpdiUzRQ==[\/vc_raw_html][\/vc_column][vc_column width=&#8221;1\/6&#8243;][\/vc_column][\/vc_row][vc_row css_animation=&#8221;&#8221; row_type=&#8221;row&#8221; use_row_as_full_screen_section=&#8221;no&#8221; type=&#8221;full_width&#8221; angled_section=&#8221;no&#8221; text_align=&#8221;left&#8221; background_image_as_pattern=&#8221;without_pattern&#8221; z_index=&#8221;0&#8243;][vc_column]<div class=\"qode-animation-holder element_from_bottom\"><div class=\"qode-animation-holder-inner\"  style=\"-webkit-animation-delay:1s; animation-delay:1s; -webkit-transition-delay:1s; transition-delay:1s\">[qode_elements_holder number_of_columns=&#8221;two_columns&#8221; columns_proportion=&#8221;66_33&#8243;][qode_elements_holder_item cover=&#8221;yes&#8221; advanced_animations=&#8221;no&#8221; background_image=&#8221;541&#8243;][\/qode_elements_holder_item][qode_elements_holder_item advanced_animations=&#8221;no&#8221; custom_class=&#8221;cuadrocalvivointro&#8221; item_padding=&#8221;60px 30px&#8221;][vc_column_text]Despr\u00e8s de moltes generacions, la fam\u00edlia Boada segueix vinculada a la terra i al m\u00f3n de la viticultura.<\/p>\n<p>&nbsp;<\/p>\n<p><strong>Cal Vibo<\/strong> una casa rural, familiar i acollidora, decideix obrir les seves portes per compartir amb la fam\u00edlia o amics. Vols gaudir-la i endinsar-te en ella?<\/p>\n<p>&nbsp;<\/p>\n<p>Antigament havia estat un forn. Posteriorment, es va anomenar \u201cCal Pere de l\u2019Oliana\u201d i m\u00e9s tard es van utilitzar les seves terrasses per a tasques del vi.<\/p>\n<p>&nbsp;<\/p>\n<p>Olga, la propiet\u00e0ria de Cal Vibo, la va rehabilitar i obrir l\u2019any 2015. Ja des de la seva inf\u00e0ncia va estar envoltada de botes i cups que provenien del magatzem-celler situat al costat de la casa. L\u2019olor de most fermentat, l\u2019aroma a vi, el t\u00e0rtar\u2026 formen part dels records d\u2019inf\u00e0ncia d\u2019Olga. En l\u2019actualitat, el seu germ\u00e0 Josep Maria i ella segueixen vinculats al m\u00f3n rural.<\/p>\n<p>&nbsp;<\/p>\n<p>Cal Vibo preserva les parets de pedra que guarden centenars d\u2019hist\u00f2ries i records; constru\u00efda i restaurada de forma austera i elegant, respectant l\u2019estructura de la casa del segle XIX.[\/vc_column_text][\/qode_elements_holder_item][\/qode_elements_holder]<\/div><\/div>[\/vc_column][\/vc_row][vc_row css_animation=&#8221;element_from_bottom&#8221; row_type=&#8221;row&#8221; use_row_as_full_screen_section=&#8221;no&#8221; type=&#8221;grid&#8221; angled_section=&#8221;no&#8221; text_align=&#8221;left&#8221; background_image_as_pattern=&#8221;without_pattern&#8221; z_index=&#8221;0&#8243; css=&#8221;.vc_custom_1578906393065{background-color: #fff5eb !important;}&#8221; el_class=&#8221;paddingtop&#8221;][vc_column css_animation=&#8221;fadeInUp&#8221; width=&#8221;1\/6&#8243;][\/vc_column][vc_column css_animation=&#8221;fadeInUp&#8221; width=&#8221;2\/3&#8243;][vc_column_text el_class=&#8221;center cuadroplanta&#8221;]<\/p>\n<h2 class=\"cabecera\">Exteriors i entorn<\/h2>\n<p>Abans d&#8217;entrar a l&#8217;interior de Cal Vibo veur\u00e0s la seva bonica fa\u00e7ana. Existeixen 3 accessos, la porta principal, la porta &#8220;garatge&#8221; i la porta del darrere. La primera \u00e9s la que far\u00e0s servir per con\u00e8ixer Cal Vibo. Vens?[\/vc_column_text][vc_raw_html]JTNDZGl2JTIwY2xhc3MlM0QlMjJsaW5lYXZlcnRpY2FsOCUyMiUzRSUzQyUyRmRpdiUzRQ==[\/vc_raw_html][\/vc_column][vc_column width=&#8221;1\/6&#8243;][\/vc_column][\/vc_row][vc_row css_animation=&#8221;&#8221; row_type=&#8221;row&#8221; use_row_as_full_screen_section=&#8221;no&#8221; type=&#8221;full_width&#8221; angled_section=&#8221;no&#8221; text_align=&#8221;left&#8221; background_image_as_pattern=&#8221;without_pattern&#8221; z_index=&#8221;0&#8243; css=&#8221;.vc_custom_1575457126575{background-color: #fff5eb !important;}&#8221;][vc_column css_animation=&#8221;fadeInUp&#8221;]<div class='qode_image_gallery_no_space light'><div class='qode_image_gallery_holder' style='height: 700px;'><ul  ><li  ><div style=\"height: 700px; width:934px;\"><img decoding=\"async\" itemprop=\"image\" src=\"https:\/\/calvibo.com\/wp-content\/uploads\/2019\/12\/fachada-exterior-cal-vibo.jpg\" alt=\"fachada-exterior-cal-vibo\" \/><\/div><\/li><li  ><div style=\"height: 700px; width:934px;\"><img decoding=\"async\" itemprop=\"image\" src=\"https:\/\/calvibo.com\/wp-content\/uploads\/2019\/12\/lateral-exterio-cal-vibo.jpg\" alt=\"lateral-exterio-cal-vibo\" \/><\/div><\/li><li  ><div style=\"height: 700px; width:934px;\"><img decoding=\"async\" itemprop=\"image\" src=\"https:\/\/calvibo.com\/wp-content\/uploads\/2019\/12\/vin\u0303edos.jpg\" alt=\"\" \/><\/div><\/li><\/ul><\/div><div class=\"controls\"><a class=\"prev-slide\" href=\"#\"><span><i class=\"fa fa-angle-left\"><\/i><\/span><\/a><a class=\"next-slide\" href=\"#\"><span><i class=\"fa fa-angle-right\"><\/i><\/span><\/a><\/div><\/div>[\/vc_column][\/vc_row][vc_row css_animation=&#8221;&#8221; row_type=&#8221;row&#8221; use_row_as_full_screen_section=&#8221;no&#8221; type=&#8221;grid&#8221; angled_section=&#8221;no&#8221; text_align=&#8221;left&#8221; background_image_as_pattern=&#8221;without_pattern&#8221; z_index=&#8221;0&#8243; css=&#8221;.vc_custom_1575457065037{background-color: #fff5eb !important;}&#8221;][vc_column css_animation=&#8221;fadeInUp&#8221; width=&#8221;1\/6&#8243;][\/vc_column][vc_column css_animation=&#8221;fadeInUp&#8221; width=&#8221;2\/3&#8243;][vc_column_text el_class=&#8221;center cuadroplanta&#8221;]<\/p>\n<h2 class=\"cabecera\">Planta baixa<\/h2>\n<p>L&#8217;entrada principal de la casa rural es troba en aquesta planta. A l&#8217;entrar et trobar\u00e0s amb un bonic rebedor de pedra i un vidre de seguretat a terra des del qual podr\u00e0s veure el celler.<\/p>\n<p>Aqu\u00ed se situa la sala de jocs amb ping pong i l&#8217;habitaci\u00f3 &#8220;<a href=\"https:\/\/calvibo.com\/ca\/habitacions\/\">Ull de llebre<\/a>&#8220;; amb dos llits i un bany complet amb dutxa.[\/vc_column_text][vc_raw_html]JTNDZGl2JTIwY2xhc3MlM0QlMjJsaW5lYXZlcnRpY2FsOCUyMiUzRSUzQyUyRmRpdiUzRQ==[\/vc_raw_html][\/vc_column][vc_column width=&#8221;1\/6&#8243;][\/vc_column][\/vc_row][vc_row css_animation=&#8221;&#8221; row_type=&#8221;row&#8221; use_row_as_full_screen_section=&#8221;no&#8221; type=&#8221;full_width&#8221; angled_section=&#8221;no&#8221; text_align=&#8221;left&#8221; background_image_as_pattern=&#8221;without_pattern&#8221; z_index=&#8221;0&#8243; css=&#8221;.vc_custom_1575457126575{background-color: #fff5eb !important;}&#8221;][vc_column css_animation=&#8221;fadeInUp&#8221;]<div class='qode_image_gallery_no_space light'><div class='qode_image_gallery_holder' style='height: 700px;'><ul  ><li  ><div style=\"height: 700px; width:1004px;\"><img decoding=\"async\" itemprop=\"image\" src=\"https:\/\/calvibo.com\/wp-content\/uploads\/2019\/12\/entrada-de-la-casa.jpg\" alt=\"entrada de la casa\" \/><\/div><\/li><li  ><div style=\"height: 700px; width:1070px;\"><img decoding=\"async\" itemprop=\"image\" src=\"https:\/\/calvibo.com\/wp-content\/uploads\/2019\/12\/bodega-de-la-casa.jpg\" alt=\"bodega de la casa\" \/><\/div><\/li><li  ><div style=\"height: 700px; width:934px;\"><img decoding=\"async\" itemprop=\"image\" src=\"https:\/\/calvibo.com\/wp-content\/uploads\/2019\/12\/escaleras-de-cal-vibo.jpg\" alt=\"Escaleras Cal Vibo\" \/><\/div><\/li><li  ><div style=\"height: 700px; width:1095px;\"><img decoding=\"async\" itemprop=\"image\" src=\"https:\/\/calvibo.com\/wp-content\/uploads\/2019\/12\/sala-de-juegos.jpg\" alt=\"sala de juegos\" \/><\/div><\/li><li  ><div style=\"height: 700px; width:1044px;\"><img decoding=\"async\" itemprop=\"image\" src=\"https:\/\/calvibo.com\/wp-content\/uploads\/2019\/12\/mesa-de-ping-pong.jpg\" alt=\"mesa de ping pong\" \/><\/div><\/li><li  ><div style=\"height: 700px; width:934px;\"><img decoding=\"async\" itemprop=\"image\" src=\"https:\/\/calvibo.com\/wp-content\/uploads\/2019\/12\/habitacion-ull-de-llebre.jpg\" alt=\"Habitaci\u00f3n Ull de Llebre\" \/><\/div><\/li><li  ><div style=\"height: 700px; width:934px;\"><img decoding=\"async\" itemprop=\"image\" src=\"https:\/\/calvibo.com\/wp-content\/uploads\/2019\/12\/lavabo-habitacion-ull-de-llebre.jpg\" alt=\"Ba\u00f1o habitaci\u00f3n Ull de Llebre\" \/><\/div><\/li><\/ul><\/div><div class=\"controls\"><a class=\"prev-slide\" href=\"#\"><span><i class=\"fa fa-angle-left\"><\/i><\/span><\/a><a class=\"next-slide\" href=\"#\"><span><i class=\"fa fa-angle-right\"><\/i><\/span><\/a><\/div><\/div>[\/vc_column][\/vc_row][vc_row css_animation=&#8221;&#8221; row_type=&#8221;row&#8221; use_row_as_full_screen_section=&#8221;no&#8221; type=&#8221;grid&#8221; angled_section=&#8221;no&#8221; text_align=&#8221;left&#8221; background_image_as_pattern=&#8221;without_pattern&#8221; z_index=&#8221;1&#8243; css=&#8221;.vc_custom_1575457271627{background-color: #fff5eb !important;}&#8221; el_class=&#8221;paddingtop&#8221;][vc_column css_animation=&#8221;fadeInUp&#8221; width=&#8221;1\/6&#8243;][\/vc_column][vc_column css_animation=&#8221;fadeInUp&#8221; width=&#8221;2\/3&#8243;][vc_column_text el_class=&#8221;center cuadroplanta&#8221;]<\/p>\n<h2 class=\"cabecera\">Primera planta<\/h2>\n<p>A l&#8217;pujar les escalars, et trobar\u00e0s a la primera planta. <strong>Un sal\u00f3 menjador amb cuina totalment equipada<\/strong> (<a href=\"https:\/\/calvibo.com\/inventario\">veure inventari<\/a>) t\u2019estar\u00e0 esperant; a la dreta tindr\u00e0s la sala de lectura \u201cCam\u00ed de Br\u00e0fim\u201d.<\/p>\n<p>&nbsp;<\/p>\n<p>D\u2019altra banda, tamb\u00e9 es troba una coqueta terrassa de pedra on podr\u00e0s esmorzar o prendre el caf\u00e8; un bany complet i dues habitacions:<\/p>\n<p>&nbsp;<\/p>\n<p>L&#8217;<strong>habitaci\u00f3 doble<\/strong> &#8220;<a href=\"https:\/\/calvibo.com\/ca\/habitacions\/\">Parellada<\/a>&#8221; \u00e9s la nostra preferida, t\u00e9 un petit balc\u00f3 i les parets s\u00f3n d\u2019obra vista. T\u00e9 un encant especial que t\u2019enamorar\u00e0.<\/p>\n<p>Pel que fa a l\u2019altra habitaci\u00f3, es tracta d\u2019una estada triple, \u00e9s a dir, per a 3 persones i el seu nom \u00e9s &#8220;<a href=\"https:\/\/calvibo.com\/ca\/habitacions\/\">Xarel\u00b7lo<\/a>&#8220;. Si viatges en fam\u00edlia i necessites col\u00b7locar el teu bressol, aquest \u00e9s el lloc indicat; els llits es troben separats, per\u00f2 podem agrupar-los si ens ho demanes.[\/vc_column_text][vc_raw_html]JTNDZGl2JTIwY2xhc3MlM0QlMjJsaW5lYXZlcnRpY2FsOCUyMiUzRSUzQyUyRmRpdiUzRQ==[\/vc_raw_html][\/vc_column][vc_column width=&#8221;1\/6&#8243;][\/vc_column][\/vc_row][vc_row css_animation=&#8221;&#8221; row_type=&#8221;row&#8221; use_row_as_full_screen_section=&#8221;no&#8221; type=&#8221;full_width&#8221; angled_section=&#8221;no&#8221; text_align=&#8221;left&#8221; background_image_as_pattern=&#8221;without_pattern&#8221; css=&#8221;.vc_custom_1575457794629{background-color: #fff5eb !important;}&#8221; z_index=&#8221;&#8221; el_class=&#8221;paddingbottom&#8221;][vc_column css_animation=&#8221;fadeInUp&#8221;]<div class='qode_image_gallery_no_space light'><div class='qode_image_gallery_holder' style='height: 700px;'><ul  ><li  ><div style=\"height: 700px; width:934px;\"><img decoding=\"async\" itemprop=\"image\" src=\"https:\/\/calvibo.com\/wp-content\/uploads\/2019\/12\/zona-comedor-cocina.jpg\" alt=\"Zona de comedor cocina\" \/><\/div><\/li><li  ><div style=\"height: 700px; width:934px;\"><img decoding=\"async\" itemprop=\"image\" src=\"https:\/\/calvibo.com\/wp-content\/uploads\/2019\/12\/panoramica-comedor.jpg\" alt=\"Comedor\" \/><\/div><\/li><li  ><div style=\"height: 700px; width:934px;\"><img decoding=\"async\" itemprop=\"image\" src=\"https:\/\/calvibo.com\/wp-content\/uploads\/2019\/12\/zona-comedor-cocina-2.jpg\" alt=\"Zona cocina comedor\" \/><\/div><\/li><li  ><div style=\"height: 700px; width:934px;\"><img decoding=\"async\" itemprop=\"image\" src=\"https:\/\/calvibo.com\/wp-content\/uploads\/2019\/12\/cocina-1.jpg\" alt=\"Cocina\" \/><\/div><\/li><li  ><div style=\"height: 700px; width:934px;\"><img decoding=\"async\" itemprop=\"image\" src=\"https:\/\/calvibo.com\/wp-content\/uploads\/2019\/12\/sala-de-estar-zona-sofas.jpg\" alt=\"Zons de sof\u00e1s en comedor\" \/><\/div><\/li><li  ><div style=\"height: 700px; width:934px;\"><img decoding=\"async\" itemprop=\"image\" src=\"https:\/\/calvibo.com\/wp-content\/uploads\/2019\/12\/sala-de-estar-zona-sofas-2.jpg\" alt=\"Zona de sofas\" \/><\/div><\/li><li  ><div style=\"height: 700px; width:934px;\"><img decoding=\"async\" itemprop=\"image\" src=\"https:\/\/calvibo.com\/wp-content\/uploads\/2019\/12\/lavabo-primera-planta-1.jpg\" alt=\"Ba\u00f1o primera planta\" \/><\/div><\/li><li  ><div style=\"height: 700px; width:934px;\"><img decoding=\"async\" itemprop=\"image\" src=\"https:\/\/calvibo.com\/wp-content\/uploads\/2019\/12\/sala-de-estar-1.jpg\" alt=\"Sala de estar\" \/><\/div><\/li><li  ><div style=\"height: 700px; width:934px;\"><img decoding=\"async\" itemprop=\"image\" src=\"https:\/\/calvibo.com\/wp-content\/uploads\/2019\/12\/terraza-primera-planta-1.jpg\" alt=\"Terraza primera planta\" \/><\/div><\/li><li  ><div style=\"height: 700px; width:934px;\"><img decoding=\"async\" itemprop=\"image\" src=\"https:\/\/calvibo.com\/wp-content\/uploads\/2019\/12\/habitacion-xarello.jpg\" alt=\"Habitaci\u00f3n Xarello\" \/><\/div><\/li><li  ><div style=\"height: 700px; width:934px;\"><img decoding=\"async\" itemprop=\"image\" src=\"https:\/\/calvibo.com\/wp-content\/uploads\/2019\/12\/habitacion-perallada.jpg\" alt=\"Habitaci\u00f3n Perallada\" \/><\/div><\/li><\/ul><\/div><div class=\"controls\"><a class=\"prev-slide\" href=\"#\"><span><i class=\"fa fa-angle-left\"><\/i><\/span><\/a><a class=\"next-slide\" href=\"#\"><span><i class=\"fa fa-angle-right\"><\/i><\/span><\/a><\/div><\/div>[\/vc_column][\/vc_row][vc_row css_animation=&#8221;&#8221; row_type=&#8221;row&#8221; use_row_as_full_screen_section=&#8221;no&#8221; type=&#8221;grid&#8221; angled_section=&#8221;no&#8221; text_align=&#8221;left&#8221; background_image_as_pattern=&#8221;without_pattern&#8221; z_index=&#8221;1&#8243; css=&#8221;.vc_custom_1575477040734{background-color: #fff5eb !important;}&#8221; el_class=&#8221;paddingtop&#8221;][vc_column css_animation=&#8221;fadeInUp&#8221; width=&#8221;1\/6&#8243;][\/vc_column][vc_column css_animation=&#8221;fadeInUp&#8221; width=&#8221;2\/3&#8243;][vc_column_text el_class=&#8221;center cuadroplanta&#8221;]<\/p>\n<h2 class=\"cabecera\">Segona planta<\/h2>\n<p>Finalment, a la planta superior de la casa rural es troba un rac\u00f3 molt especial, la nostra habitaci\u00f3 &#8220;<a href=\"https:\/\/calvibo.com\/ca\/habitacions\/\">Macabeu<\/a>&#8220;. Es tracta d&#8217;<strong>una suite qu\u00e0druple sota teulada de 35 m<sup>2<\/sup> amb bany complet<\/strong>.<\/p>\n<p>&nbsp;<\/p>\n<p>\u00a1Per\u00f2 aix\u00f2 no \u00e9s tot! Aqu\u00ed es troba una <strong>gran terrassa<\/strong> envoltada de gran varietat de plantes, amb <strong>vistes a l&#8217;antic campana<\/strong>r sobre el qual descansa l&#8217;antic dip\u00f2sit d&#8217;aigua. En on podr\u00e0s realitzar divertides menjars gr\u00e0cies a la <strong>barbacoa i a l&#8217;\u00e0mplia taula<\/strong>. I en ple estiu, no et preocupis pel sol, tenim un tendal que et protegir\u00e0 i t&#8217;ajudar\u00e0 a refrescar-te.[\/vc_column_text][vc_raw_html]JTNDZGl2JTIwY2xhc3MlM0QlMjJsaW5lYXZlcnRpY2FsOCUyMiUzRSUzQyUyRmRpdiUzRQ==[\/vc_raw_html][\/vc_column][vc_column width=&#8221;1\/6&#8243;][\/vc_column][\/vc_row][vc_row css_animation=&#8221;&#8221; row_type=&#8221;row&#8221; use_row_as_full_screen_section=&#8221;no&#8221; type=&#8221;full_width&#8221; angled_section=&#8221;no&#8221; text_align=&#8221;left&#8221; background_image_as_pattern=&#8221;without_pattern&#8221; css=&#8221;.vc_custom_1575456250123{background-color: #fff5eb !important;}&#8221; z_index=&#8221;&#8221;][vc_column css_animation=&#8221;fadeInUp&#8221;]<div class='qode_image_gallery_no_space light'><div class='qode_image_gallery_holder' style='height: 700px;'><ul  ><li  ><div style=\"height: 700px; width:934px;\"><img decoding=\"async\" itemprop=\"image\" src=\"https:\/\/calvibo.com\/wp-content\/uploads\/2019\/12\/terraza-segunda-planta-1.jpg\" alt=\"Terraza segunda planta\" \/><\/div><\/li><li  ><div style=\"height: 700px; width:934px;\"><img decoding=\"async\" itemprop=\"image\" src=\"https:\/\/calvibo.com\/wp-content\/uploads\/2019\/12\/mesa-terraza-segunda-planta-1.jpg\" alt=\"Terraza segunda planta\" \/><\/div><\/li><li  ><div style=\"height: 700px; width:934px;\"><img decoding=\"async\" itemprop=\"image\" src=\"https:\/\/calvibo.com\/wp-content\/uploads\/2019\/12\/habitacion-macabeo.jpg\" alt=\"Habitaci\u00f3n Macabeo\" \/><\/div><\/li><li  ><div style=\"height: 700px; width:934px;\"><img decoding=\"async\" itemprop=\"image\" src=\"https:\/\/calvibo.com\/wp-content\/uploads\/2019\/12\/barbacosa-terrza-cal-vibo.jpg\" alt=\"Barbacoa\" \/><\/div><\/li><\/ul><\/div><div class=\"controls\"><a class=\"prev-slide\" href=\"#\"><span><i class=\"fa fa-angle-left\"><\/i><\/span><\/a><a class=\"next-slide\" href=\"#\"><span><i class=\"fa fa-angle-right\"><\/i><\/span><\/a><\/div><\/div>[\/vc_column][\/vc_row][vc_row css_animation=&#8221;&#8221; row_type=&#8221;row&#8221; use_row_as_full_screen_section=&#8221;no&#8221; type=&#8221;grid&#8221; angled_section=&#8221;no&#8221; text_align=&#8221;left&#8221; background_image_as_pattern=&#8221;without_pattern&#8221; z_index=&#8221;1&#8243; css=&#8221;.vc_custom_1579082256788{background-color: #fff5eb !important;}&#8221; el_class=&#8221;paddingsecciones&#8221;][vc_column css_animation=&#8221;fadeInUp&#8221; width=&#8221;1\/6&#8243;][\/vc_column][vc_column css_animation=&#8221;fadeInUp&#8221; width=&#8221;2\/3&#8243;][vc_column_text el_class=&#8221;center cuadroplanta&#8221;]<\/p>\n<h2 class=\"cabecera\">El celler<\/h2>\n<p>Per\u00f2 aix\u00f2 no \u00e9s tot! L&#8217;aut\u00e8ntica celler on la fam\u00edlia Boada transformava el ra\u00efm en vi est\u00e0 annexa a la casa. Hi descobrir\u00e0s les cinc impressionants botes de fusta de m\u00e9s de 4 m d&#8217;al\u00e7ada \u00a1al\u00b7lucinant! I la resta? Vine a veure-ho amb els teus propis ulls, t&#8217;encantar\u00e0.<\/p>\n<p><a class=\"botontarifas\" href=\"https:\/\/calvibo.com\/cat\/reserves\">Vull reservar!<\/a>[\/vc_column_text][\/vc_column][vc_column width=&#8221;1\/6&#8243;][\/vc_column][\/vc_row]<\/p>\n","protected":false},"excerpt":{"rendered":"<p>[vc_row css_animation=&#8221;&#8221; row_type=&#8221;row&#8221; use_row_as_full_screen_section=&#8221;no&#8221; type=&#8221;grid&#8221; angled_section=&#8221;no&#8221; text_align=&#8221;left&#8221; background_image_as_pattern=&#8221;without_pattern&#8221; el_class=&#8221;paddingcabecera&#8221; z_index=&#8221;1&#8243; css=&#8221;.vc_custom_1575308222125{background-color: #fff5eb !important;}&#8221;][vc_column css_animation=&#8221;fadeInUp&#8221; width=&#8221;1\/6&#8243;][\/vc_column][vc_column width=&#8221;2\/3&#8243;][vc_column_text] Una casa rural acollidora i familiar Cal Vibo ha estat reformada totalment en el 2015, conservant l&#8217;estructura antiga i guardant l&#8217;ess\u00e8ncia r\u00fastica que et traslladar\u00e0 totalment a un estat&#8230;<\/p>\n","protected":false},"author":1,"featured_media":0,"parent":0,"menu_order":0,"comment_status":"closed","ping_status":"closed","template":"full_width.php","meta":{"_joinchat":[],"footnotes":""},"class_list":["post-543","page","type-page","status-publish","hentry"],"yoast_head":"<!-- This site is optimized with the Yoast SEO plugin v26.8 - https:\/\/yoast.com\/product\/yoast-seo-wordpress\/ -->\n<title>Cal Vibo es una Casa Rural ideal para Familias, situada en Vilabella<\/title>\n<meta name=\"description\" content=\"Cal Vibo es una casa rural ideal para familias, con una capacidad m\u00e1xima de 11 personas, cuenta con un entorno tranquilo, rodeado de vi\u00f1as y actividades.\" \/>\n<meta name=\"robots\" content=\"index, follow, max-snippet:-1, max-image-preview:large, max-video-preview:-1\" \/>\n<link rel=\"canonical\" href=\"https:\/\/calvibo.com\/ca\/cal-vibo\/\" \/>\n<meta property=\"og:locale\" content=\"ca_ES\" \/>\n<meta property=\"og:type\" content=\"article\" \/>\n<meta property=\"og:title\" content=\"Cal Vibo es una Casa Rural ideal para Familias, situada en Vilabella\" \/>\n<meta property=\"og:description\" content=\"Cal Vibo es una casa rural ideal para familias, con una capacidad m\u00e1xima de 11 personas, cuenta con un entorno tranquilo, rodeado de vi\u00f1as y actividades.\" \/>\n<meta property=\"og:url\" content=\"https:\/\/calvibo.com\/ca\/cal-vibo\/\" \/>\n<meta property=\"og:site_name\" content=\"Casa Rural Cal Vibo en Vilabella del Alt Camp\" \/>\n<meta property=\"article:modified_time\" content=\"2023-10-24T17:10:38+00:00\" \/>\n<meta name=\"twitter:card\" content=\"summary_large_image\" \/>\n<meta name=\"twitter:label1\" content=\"Temps estimat de lectura\" \/>\n\t<meta name=\"twitter:data1\" content=\"4 minuts\" \/>\n<script type=\"application\/ld+json\" class=\"yoast-schema-graph\">{\"@context\":\"https:\/\/schema.org\",\"@graph\":[{\"@type\":\"WebPage\",\"@id\":\"https:\/\/calvibo.com\/ca\/cal-vibo\/\",\"url\":\"https:\/\/calvibo.com\/ca\/cal-vibo\/\",\"name\":\"Cal Vibo es una Casa Rural ideal para Familias, situada en Vilabella\",\"isPartOf\":{\"@id\":\"https:\/\/calvibo.com\/ca\/#website\"},\"datePublished\":\"2019-11-26T15:56:26+00:00\",\"dateModified\":\"2023-10-24T17:10:38+00:00\",\"description\":\"Cal Vibo es una casa rural ideal para familias, con una capacidad m\u00e1xima de 11 personas, cuenta con un entorno tranquilo, rodeado de vi\u00f1as y actividades.\",\"breadcrumb\":{\"@id\":\"https:\/\/calvibo.com\/ca\/cal-vibo\/#breadcrumb\"},\"inLanguage\":\"ca\",\"potentialAction\":[{\"@type\":\"ReadAction\",\"target\":[\"https:\/\/calvibo.com\/ca\/cal-vibo\/\"]}]},{\"@type\":\"BreadcrumbList\",\"@id\":\"https:\/\/calvibo.com\/ca\/cal-vibo\/#breadcrumb\",\"itemListElement\":[{\"@type\":\"ListItem\",\"position\":1,\"name\":\"Portada\",\"item\":\"https:\/\/calvibo.com\/ca\/\"},{\"@type\":\"ListItem\",\"position\":2,\"name\":\"Cal Vibo\"}]},{\"@type\":\"WebSite\",\"@id\":\"https:\/\/calvibo.com\/ca\/#website\",\"url\":\"https:\/\/calvibo.com\/ca\/\",\"name\":\"Casa Rural Cal Vibo en Vilabella del Alt Camp\",\"description\":\"Casa rural situada en Vilabella poblaci\u00f3n del Alt Camp. Casa rural entera ideal para familias. Rodeada de vi\u00f1edos.\",\"potentialAction\":[{\"@type\":\"SearchAction\",\"target\":{\"@type\":\"EntryPoint\",\"urlTemplate\":\"https:\/\/calvibo.com\/ca\/?s={search_term_string}\"},\"query-input\":{\"@type\":\"PropertyValueSpecification\",\"valueRequired\":true,\"valueName\":\"search_term_string\"}}],\"inLanguage\":\"ca\"}]}<\/script>\n<!-- \/ Yoast SEO plugin. -->","yoast_head_json":{"title":"Cal Vibo es una Casa Rural ideal para Familias, situada en Vilabella","description":"Cal Vibo es una casa rural ideal para familias, con una capacidad m\u00e1xima de 11 personas, cuenta con un entorno tranquilo, rodeado de vi\u00f1as y actividades.","robots":{"index":"index","follow":"follow","max-snippet":"max-snippet:-1","max-image-preview":"max-image-preview:large","max-video-preview":"max-video-preview:-1"},"canonical":"https:\/\/calvibo.com\/ca\/cal-vibo\/","og_locale":"ca_ES","og_type":"article","og_title":"Cal Vibo es una Casa Rural ideal para Familias, situada en Vilabella","og_description":"Cal Vibo es una casa rural ideal para familias, con una capacidad m\u00e1xima de 11 personas, cuenta con un entorno tranquilo, rodeado de vi\u00f1as y actividades.","og_url":"https:\/\/calvibo.com\/ca\/cal-vibo\/","og_site_name":"Casa Rural Cal Vibo en Vilabella del Alt Camp","article_modified_time":"2023-10-24T17:10:38+00:00","twitter_card":"summary_large_image","twitter_misc":{"Temps estimat de lectura":"4 minuts"},"schema":{"@context":"https:\/\/schema.org","@graph":[{"@type":"WebPage","@id":"https:\/\/calvibo.com\/ca\/cal-vibo\/","url":"https:\/\/calvibo.com\/ca\/cal-vibo\/","name":"Cal Vibo es una Casa Rural ideal para Familias, situada en Vilabella","isPartOf":{"@id":"https:\/\/calvibo.com\/ca\/#website"},"datePublished":"2019-11-26T15:56:26+00:00","dateModified":"2023-10-24T17:10:38+00:00","description":"Cal Vibo es una casa rural ideal para familias, con una capacidad m\u00e1xima de 11 personas, cuenta con un entorno tranquilo, rodeado de vi\u00f1as y actividades.","breadcrumb":{"@id":"https:\/\/calvibo.com\/ca\/cal-vibo\/#breadcrumb"},"inLanguage":"ca","potentialAction":[{"@type":"ReadAction","target":["https:\/\/calvibo.com\/ca\/cal-vibo\/"]}]},{"@type":"BreadcrumbList","@id":"https:\/\/calvibo.com\/ca\/cal-vibo\/#breadcrumb","itemListElement":[{"@type":"ListItem","position":1,"name":"Portada","item":"https:\/\/calvibo.com\/ca\/"},{"@type":"ListItem","position":2,"name":"Cal Vibo"}]},{"@type":"WebSite","@id":"https:\/\/calvibo.com\/ca\/#website","url":"https:\/\/calvibo.com\/ca\/","name":"Casa Rural Cal Vibo en Vilabella del Alt Camp","description":"Casa rural situada en Vilabella poblaci\u00f3n del Alt Camp. Casa rural entera ideal para familias. Rodeada de vi\u00f1edos.","potentialAction":[{"@type":"SearchAction","target":{"@type":"EntryPoint","urlTemplate":"https:\/\/calvibo.com\/ca\/?s={search_term_string}"},"query-input":{"@type":"PropertyValueSpecification","valueRequired":true,"valueName":"search_term_string"}}],"inLanguage":"ca"}]}},"_links":{"self":[{"href":"https:\/\/calvibo.com\/ca\/wp-json\/wp\/v2\/pages\/543","targetHints":{"allow":["GET"]}}],"collection":[{"href":"https:\/\/calvibo.com\/ca\/wp-json\/wp\/v2\/pages"}],"about":[{"href":"https:\/\/calvibo.com\/ca\/wp-json\/wp\/v2\/types\/page"}],"author":[{"embeddable":true,"href":"https:\/\/calvibo.com\/ca\/wp-json\/wp\/v2\/users\/1"}],"replies":[{"embeddable":true,"href":"https:\/\/calvibo.com\/ca\/wp-json\/wp\/v2\/comments?post=543"}],"version-history":[{"count":17,"href":"https:\/\/calvibo.com\/ca\/wp-json\/wp\/v2\/pages\/543\/revisions"}],"predecessor-version":[{"id":941,"href":"https:\/\/calvibo.com\/ca\/wp-json\/wp\/v2\/pages\/543\/revisions\/941"}],"wp:attachment":[{"href":"https:\/\/calvibo.com\/ca\/wp-json\/wp\/v2\/media?parent=543"}],"curies":[{"name":"wp","href":"https:\/\/api.w.org\/{rel}","templated":true}]}}